{"id":94,"date":"2018-07-02T13:54:28","date_gmt":"2018-07-02T11:54:28","guid":{"rendered":"https:\/\/live.livecom.ro\/fibrexautomotive\/?page_id=94"},"modified":"2018-09-25T09:42:32","modified_gmt":"2018-09-25T07:42:32","slug":"despre-noi","status":"publish","type":"page","link":"https:\/\/www.fibrexautomotive.com\/ro\/despre-noi\/","title":{"rendered":"Despre noi"},"content":{"rendered":"<p>FIBREX AUTOMOTIVE fabric\u0103 componente \u015fi p\u0103r\u0163i de caroserii auto pe linii de produc\u021bie, utilaje speciale concepute pentru produc\u021bia de fibr\u0103 de sticl\u0103 \u0219i componente compozite pentru industria de automobile.<\/p>\n<p>FIBREX AUTOMOTIVE este o diviziune par\u021bial\u0103 a FIBREX CO, o companie rom\u00e2neasc\u0103 cu capital privat, \u00eenfiin\u021bat\u0103 \u00een 1997, cu sediul \u00een Crasna, str. Ciucea 752, jude\u021bul S\u0103laj, Rom\u00e2nia. Fiind situat pe o suprafata de peste 30.000 de metri p\u0103tra\u0163i, Fibrex are hale de productie, anexe \u015fi cl\u0103diri de birouri de aproximativ 10.000 de metri p\u0103tra\u0163i, unit\u0103\u0163i de produc\u0163ie echipate cu toate utilit\u0103\u0163ile necesare.<\/p>\n<p>Produsele cele mai complexe pe care le realiz\u0103m sunt matri\u021bele pentru piese industriale \u0219i pentru caroserii auto executate pe CNC dup\u0103 desenele 3D primite de la clien\u021bi . Men\u021bion\u0103m la acest capitol matri\u021bele segmentate pentru execu\u021bia unei cabine auto monobloc , matri\u021bele pentru piese de bord \u0219i pentru carosarea interioar\u0103 \u0219i exterioar\u0103 a autovehiculelor.<br \/>\nContinuam dezvoltarea segmentului auto prin construirea unor noi unit\u0103\u021bi de produc\u021bie pe o suprafata de aproximativ 2000 mp pe care le vom utila cu echipamente pentru termoformarea pieselor de caroserii auto , pentru executarea pieselor prin injec\u021bie \u00een vacuum precum \u0219i pentru montajul subansamblelor auto, investi\u021bie care se va finaliza \u00een anul 2019.<\/p>\n<h2>Produc\u0163ie de caroserii pentru autovehicule, fabricarea de remorci \u015fi semiremorci<\/h2>\n<p>Linia noastr\u0103 principal\u0103 de produc\u021bie este specializat\u0103 \u00een sticl\u0103 compozit\u0103 \u0219i din fibr\u0103 de sticl\u0103 pentru:<\/p>\n<ul>\n<li>Fabricarea de caroserii, inclusiv cabine pentru autovehicule, fabricarea caroseriei pentru toate tipurile de autovehicule, remorci \u0219i semiremorci<\/li>\n<li>Fabricarea recipientelor pentru utilizarea \u00een unul sau mai multe moduri de transport: remorci \u0219i semiremorci, containere<\/li>\n<li>Caroserii pentru vehicule \u0219i camioane<\/li>\n<li>Containere speciale concepute pentru unul sau mai multe tipuri de transport<\/li>\n<\/ul>\n<div id='gallery-1' class='gallery galleryid-94 gallery-columns-4 gallery-size-full'><figure class='gallery-item'>\n\t\t\t<div class='gallery-icon landscape'>\n\t\t\t\t<a href='https:\/\/www.fibrexautomotive.com\/wp-content\/uploads\/DSC01187-1.jpg'><img width=\"1200\" height=\"800\" src=\"https:\/\/www.fibrexautomotive.com\/wp-content\/uploads\/DSC01187-1.jpg\" class=\"attachment-full size-full\" alt=\"Fibrer glass car structure\" decoding=\"async\" aria-describedby=\"gallery-1-200\" loading=\"lazy\" srcset=\"https:\/\/www.fibrexautomotive.com\/wp-content\/uploads\/DSC01187-1.jpg 1200w, https:\/\/www.fibrexautomotive.com\/wp-content\/uploads\/DSC01187-1-400x267.jpg 400w, https:\/\/www.fibrexautomotive.com\/wp-content\/uploads\/DSC01187-1-768x512.jpg 768w\" sizes=\"(max-width: 1200px) 100vw, 1200px\" \/><\/a>\n\t\t\t<\/div>\n\t\t\t\t<figcaption class='wp-caption-text gallery-caption' id='gallery-1-200'>\n\t\t\t\tFibrer glass car structure\n\t\t\t\t<\/figcaption><\/figure><figure class='gallery-item'>\n\t\t\t<div class='gallery-icon landscape'>\n\t\t\t\t<a href='https:\/\/www.fibrexautomotive.com\/wp-content\/uploads\/DSC00086-1.jpg'><img width=\"1200\" height=\"674\" src=\"https:\/\/www.fibrexautomotive.com\/wp-content\/uploads\/DSC00086-1.jpg\" class=\"attachment-full size-full\" alt=\"\" decoding=\"async\" aria-describedby=\"gallery-1-198\" loading=\"lazy\" srcset=\"https:\/\/www.fibrexautomotive.com\/wp-content\/uploads\/DSC00086-1.jpg 1200w, https:\/\/www.fibrexautomotive.com\/wp-content\/uploads\/DSC00086-1-400x225.jpg 400w, https:\/\/www.fibrexautomotive.com\/wp-content\/uploads\/DSC00086-1-768x431.jpg 768w\" sizes=\"(max-width: 1200px) 100vw, 1200px\" \/><\/a>\n\t\t\t<\/div>\n\t\t\t\t<figcaption class='wp-caption-text gallery-caption' id='gallery-1-198'>\n\t\t\t\tFibrer glass CNC\n\t\t\t\t<\/figcaption><\/figure><figure class='gallery-item'>\n\t\t\t<div class='gallery-icon landscape'>\n\t\t\t\t<a href='https:\/\/www.fibrexautomotive.com\/wp-content\/uploads\/DSC01185-1.jpg'><img width=\"1200\" height=\"800\" src=\"https:\/\/www.fibrexautomotive.com\/wp-content\/uploads\/DSC01185-1.jpg\" class=\"attachment-full size-full\" alt=\"Fibrer glass car body\" decoding=\"async\" aria-describedby=\"gallery-1-199\" loading=\"lazy\" srcset=\"https:\/\/www.fibrexautomotive.com\/wp-content\/uploads\/DSC01185-1.jpg 1200w, https:\/\/www.fibrexautomotive.com\/wp-content\/uploads\/DSC01185-1-400x267.jpg 400w, https:\/\/www.fibrexautomotive.com\/wp-content\/uploads\/DSC01185-1-768x512.jpg 768w\" sizes=\"(max-width: 1200px) 100vw, 1200px\" \/><\/a>\n\t\t\t<\/div>\n\t\t\t\t<figcaption class='wp-caption-text gallery-caption' id='gallery-1-199'>\n\t\t\t\tFiber glass car structure\n\t\t\t\t<\/figcaption><\/figure><figure class='gallery-item'>\n\t\t\t<div class='gallery-icon landscape'>\n\t\t\t\t<a href='https:\/\/www.fibrexautomotive.com\/wp-content\/uploads\/DSC01189-1.jpg'><img width=\"1200\" height=\"800\" src=\"https:\/\/www.fibrexautomotive.com\/wp-content\/uploads\/DSC01189-1.jpg\" class=\"attachment-full size-full\" alt=\"Fibrer glass car cabin\" decoding=\"async\" aria-describedby=\"gallery-1-201\" loading=\"lazy\" srcset=\"https:\/\/www.fibrexautomotive.com\/wp-content\/uploads\/DSC01189-1.jpg 1200w, https:\/\/www.fibrexautomotive.com\/wp-content\/uploads\/DSC01189-1-400x267.jpg 400w, https:\/\/www.fibrexautomotive.com\/wp-content\/uploads\/DSC01189-1-768x512.jpg 768w\" sizes=\"(max-width: 1200px) 100vw, 1200px\" \/><\/a>\n\t\t\t<\/div>\n\t\t\t\t<figcaption class='wp-caption-text gallery-caption' id='gallery-1-201'>\n\t\t\t\tCabina Auto Fibra de sticla\n\t\t\t\t<\/figcaption><\/figure><figure class='gallery-item'>\n\t\t\t<div class='gallery-icon landscape'>\n\t\t\t\t<a href='https:\/\/www.fibrexautomotive.com\/wp-content\/uploads\/DSC01191-1.jpg'><img width=\"1200\" height=\"800\" src=\"https:\/\/www.fibrexautomotive.com\/wp-content\/uploads\/DSC01191-1.jpg\" class=\"attachment-full size-full\" alt=\"Fibrer glass car structure\" decoding=\"async\" aria-describedby=\"gallery-1-202\" loading=\"lazy\" srcset=\"https:\/\/www.fibrexautomotive.com\/wp-content\/uploads\/DSC01191-1.jpg 1200w, https:\/\/www.fibrexautomotive.com\/wp-content\/uploads\/DSC01191-1-400x267.jpg 400w, https:\/\/www.fibrexautomotive.com\/wp-content\/uploads\/DSC01191-1-768x512.jpg 768w\" sizes=\"(max-width: 1200px) 100vw, 1200px\" \/><\/a>\n\t\t\t<\/div>\n\t\t\t\t<figcaption class='wp-caption-text gallery-caption' id='gallery-1-202'>\n\t\t\t\tFibrer glass car body\n\t\t\t\t<\/figcaption><\/figure><figure class='gallery-item'>\n\t\t\t<div class='gallery-icon landscape'>\n\t\t\t\t<a href='https:\/\/www.fibrexautomotive.com\/wp-content\/uploads\/DSC01216-1.jpg'><img width=\"1200\" height=\"800\" src=\"https:\/\/www.fibrexautomotive.com\/wp-content\/uploads\/DSC01216-1.jpg\" class=\"attachment-full size-full\" alt=\"\" decoding=\"async\" aria-describedby=\"gallery-1-203\" loading=\"lazy\" srcset=\"https:\/\/www.fibrexautomotive.com\/wp-content\/uploads\/DSC01216-1.jpg 1200w, https:\/\/www.fibrexautomotive.com\/wp-content\/uploads\/DSC01216-1-400x267.jpg 400w, https:\/\/www.fibrexautomotive.com\/wp-content\/uploads\/DSC01216-1-768x512.jpg 768w\" sizes=\"(max-width: 1200px) 100vw, 1200px\" \/><\/a>\n\t\t\t<\/div>\n\t\t\t\t<figcaption class='wp-caption-text gallery-caption' id='gallery-1-203'>\n\t\t\t\tFiber glass Part \n\t\t\t\t<\/figcaption><\/figure><figure class='gallery-item'>\n\t\t\t<div class='gallery-icon landscape'>\n\t\t\t\t<a href='https:\/\/www.fibrexautomotive.com\/wp-content\/uploads\/DSC01198.jpg'><img width=\"1200\" height=\"800\" src=\"https:\/\/www.fibrexautomotive.com\/wp-content\/uploads\/DSC01198.jpg\" class=\"attachment-full size-full\" alt=\"Fibrer glass car part\" decoding=\"async\" aria-describedby=\"gallery-1-262\" loading=\"lazy\" srcset=\"https:\/\/www.fibrexautomotive.com\/wp-content\/uploads\/DSC01198.jpg 1200w, https:\/\/www.fibrexautomotive.com\/wp-content\/uploads\/DSC01198-400x267.jpg 400w, https:\/\/www.fibrexautomotive.com\/wp-content\/uploads\/DSC01198-768x512.jpg 768w\" sizes=\"(max-width: 1200px) 100vw, 1200px\" \/><\/a>\n\t\t\t<\/div>\n\t\t\t\t<figcaption class='wp-caption-text gallery-caption' id='gallery-1-262'>\n\t\t\t\tFibrer glass car body\n\t\t\t\t<\/figcaption><\/figure><figure class='gallery-item'>\n\t\t\t<div class='gallery-icon landscape'>\n\t\t\t\t<a href='https:\/\/www.fibrexautomotive.com\/wp-content\/uploads\/IMG_2673.jpg'><img width=\"1200\" height=\"800\" src=\"https:\/\/www.fibrexautomotive.com\/wp-content\/uploads\/IMG_2673.jpg\" class=\"attachment-full size-full\" alt=\"Fibrer glass car part\" decoding=\"async\" aria-describedby=\"gallery-1-263\" loading=\"lazy\" srcset=\"https:\/\/www.fibrexautomotive.com\/wp-content\/uploads\/IMG_2673.jpg 1200w, https:\/\/www.fibrexautomotive.com\/wp-content\/uploads\/IMG_2673-400x267.jpg 400w, https:\/\/www.fibrexautomotive.com\/wp-content\/uploads\/IMG_2673-768x512.jpg 768w\" sizes=\"(max-width: 1200px) 100vw, 1200px\" \/><\/a>\n\t\t\t<\/div>\n\t\t\t\t<figcaption class='wp-caption-text gallery-caption' id='gallery-1-263'>\n\t\t\t\tFibrer glass car body\n\t\t\t\t<\/figcaption><\/figure><figure class='gallery-item'>\n\t\t\t<div class='gallery-icon landscape'>\n\t\t\t\t<a href='https:\/\/www.fibrexautomotive.com\/wp-content\/uploads\/DSC01194.jpg'><img width=\"1200\" height=\"800\" src=\"https:\/\/www.fibrexautomotive.com\/wp-content\/uploads\/DSC01194.jpg\" class=\"attachment-full size-full\" alt=\"Fibrer glass car part\" decoding=\"async\" aria-describedby=\"gallery-1-261\" loading=\"lazy\" srcset=\"https:\/\/www.fibrexautomotive.com\/wp-content\/uploads\/DSC01194.jpg 1200w, https:\/\/www.fibrexautomotive.com\/wp-content\/uploads\/DSC01194-400x267.jpg 400w, https:\/\/www.fibrexautomotive.com\/wp-content\/uploads\/DSC01194-768x512.jpg 768w\" sizes=\"(max-width: 1200px) 100vw, 1200px\" \/><\/a>\n\t\t\t<\/div>\n\t\t\t\t<figcaption class='wp-caption-text gallery-caption' id='gallery-1-261'>\n\t\t\t\tFiber glass car part\n\t\t\t\t<\/figcaption><\/figure><figure class='gallery-item'>\n\t\t\t<div class='gallery-icon landscape'>\n\t\t\t\t<a href='https:\/\/www.fibrexautomotive.com\/wp-content\/uploads\/slide02.jpg'><img width=\"1920\" height=\"667\" src=\"https:\/\/www.fibrexautomotive.com\/wp-content\/uploads\/slide02.jpg\" class=\"attachment-full size-full\" alt=\"Fibrer glass car body\" decoding=\"async\" aria-describedby=\"gallery-1-156\" loading=\"lazy\" srcset=\"https:\/\/www.fibrexautomotive.com\/wp-content\/uploads\/slide02.jpg 1920w, https:\/\/www.fibrexautomotive.com\/wp-content\/uploads\/slide02-150x52.jpg 150w, https:\/\/www.fibrexautomotive.com\/wp-content\/uploads\/slide02-300x104.jpg 300w, https:\/\/www.fibrexautomotive.com\/wp-content\/uploads\/slide02-768x267.jpg 768w, https:\/\/www.fibrexautomotive.com\/wp-content\/uploads\/slide02-1024x356.jpg 1024w\" sizes=\"(max-width: 1920px) 100vw, 1920px\" \/><\/a>\n\t\t\t<\/div>\n\t\t\t\t<figcaption class='wp-caption-text gallery-caption' id='gallery-1-156'>\n\t\t\t\tFibrer glass car structure\n\t\t\t\t<\/figcaption><\/figure>\n\t\t<\/div>\n\n","protected":false},"excerpt":{"rendered":"<p>FIBREX AUTOMOTIVE fabric\u0103 componente \u015fi p\u0103r\u0163i de caroserii auto pe linii de produc\u021bie, utilaje speciale concepute pentru produc\u021bia de fibr\u0103 de sticl\u0103 \u0219i componente compozite pentru industria de automobile. FIBREX AUTOMOTIVE este o diviziune par\u021bial\u0103 a FIBREX CO, o companie rom\u00e2neasc\u0103 cu capital privat, \u00eenfiin\u021bat\u0103 \u00een 1997, cu sediul \u00een Crasna, str. Ciucea 752, jude\u021bul [&hellip;]<\/p>\n","protected":false},"author":1,"featured_media":0,"parent":0,"menu_order":0,"comment_status":"closed","ping_status":"closed","template":"","meta":{"footnotes":""},"yoast_head":"<!-- This site is optimized with the Yoast SEO plugin v21.3 - https:\/\/yoast.com\/wordpress\/plugins\/seo\/ -->\n<title>Despre noi | FIBREX AUTOMOTIVE<\/title>\n<meta name=\"robots\" content=\"index, follow, max-snippet:-1, max-image-preview:large, max-video-preview:-1\" \/>\n<link rel=\"canonical\" href=\"https:\/\/www.fibrexautomotive.com\/ro\/despre-noi\/\" \/>\n<meta property=\"og:locale\" content=\"ro_RO\" \/>\n<meta property=\"og:type\" content=\"article\" \/>\n<meta property=\"og:title\" content=\"Despre noi | FIBREX AUTOMOTIVE\" \/>\n<meta property=\"og:description\" content=\"FIBREX AUTOMOTIVE fabric\u0103 componente \u015fi p\u0103r\u0163i de caroserii auto pe linii de produc\u021bie, utilaje speciale concepute pentru produc\u021bia de fibr\u0103 de sticl\u0103 \u0219i componente compozite pentru industria de automobile. FIBREX AUTOMOTIVE este o diviziune par\u021bial\u0103 a FIBREX CO, o companie rom\u00e2neasc\u0103 cu capital privat, \u00eenfiin\u021bat\u0103 \u00een 1997, cu sediul \u00een Crasna, str. Ciucea 752, jude\u021bul [&hellip;]\" \/>\n<meta property=\"og:url\" content=\"https:\/\/www.fibrexautomotive.com\/ro\/despre-noi\/\" \/>\n<meta property=\"og:site_name\" content=\"FIBREX AUTOMOTIVE\" \/>\n<meta property=\"article:modified_time\" content=\"2018-09-25T07:42:32+00:00\" \/>\n<meta property=\"og:image\" content=\"https:\/\/www.fibrexautomotive.com\/wp-content\/uploads\/DSC01187-1.jpg\" \/>\n<meta name=\"twitter:card\" content=\"summary_large_image\" \/>\n<meta name=\"twitter:label1\" content=\"Timp estimat pentru citire\" \/>\n\t<meta name=\"twitter:data1\" content=\"2 minute\" \/>\n<script type=\"application\/ld+json\" class=\"yoast-schema-graph\">{\"@context\":\"https:\/\/schema.org\",\"@graph\":[{\"@type\":\"WebPage\",\"@id\":\"https:\/\/www.fibrexautomotive.com\/ro\/despre-noi\/\",\"url\":\"https:\/\/www.fibrexautomotive.com\/ro\/despre-noi\/\",\"name\":\"Despre noi | FIBREX AUTOMOTIVE\",\"isPartOf\":{\"@id\":\"https:\/\/www.fibrexautomotive.com\/#website\"},\"datePublished\":\"2018-07-02T11:54:28+00:00\",\"dateModified\":\"2018-09-25T07:42:32+00:00\",\"breadcrumb\":{\"@id\":\"https:\/\/www.fibrexautomotive.com\/ro\/despre-noi\/#breadcrumb\"},\"inLanguage\":\"ro-RO\",\"potentialAction\":[{\"@type\":\"ReadAction\",\"target\":[\"https:\/\/www.fibrexautomotive.com\/ro\/despre-noi\/\"]}]},{\"@type\":\"BreadcrumbList\",\"@id\":\"https:\/\/www.fibrexautomotive.com\/ro\/despre-noi\/#breadcrumb\",\"itemListElement\":[{\"@type\":\"ListItem\",\"position\":1,\"name\":\"Home\",\"item\":\"https:\/\/www.fibrexautomotive.com\/ro\/\"},{\"@type\":\"ListItem\",\"position\":2,\"name\":\"Despre noi\"}]},{\"@type\":\"WebSite\",\"@id\":\"https:\/\/www.fibrexautomotive.com\/#website\",\"url\":\"https:\/\/www.fibrexautomotive.com\/\",\"name\":\"FIBREX AUTOMOTIVE\",\"description\":\"fiberglass production for automotive industry\",\"publisher\":{\"@id\":\"https:\/\/www.fibrexautomotive.com\/#organization\"},\"potentialAction\":[{\"@type\":\"SearchAction\",\"target\":{\"@type\":\"EntryPoint\",\"urlTemplate\":\"https:\/\/www.fibrexautomotive.com\/?s={search_term_string}\"},\"query-input\":\"required name=search_term_string\"}],\"inLanguage\":\"ro-RO\"},{\"@type\":\"Organization\",\"@id\":\"https:\/\/www.fibrexautomotive.com\/#organization\",\"name\":\"FIBREX AUTOMOTIVE\",\"url\":\"https:\/\/www.fibrexautomotive.com\/\",\"logo\":{\"@type\":\"ImageObject\",\"inLanguage\":\"ro-RO\",\"@id\":\"https:\/\/www.fibrexautomotive.com\/#\/schema\/logo\/image\/\",\"url\":\"https:\/\/www.fibrexautomotive.com\/wp-content\/uploads\/fibrexautomotive.png\",\"contentUrl\":\"https:\/\/www.fibrexautomotive.com\/wp-content\/uploads\/fibrexautomotive.png\",\"width\":512,\"height\":512,\"caption\":\"FIBREX AUTOMOTIVE\"},\"image\":{\"@id\":\"https:\/\/www.fibrexautomotive.com\/#\/schema\/logo\/image\/\"}}]}<\/script>\n<!-- \/ Yoast SEO plugin. -->","yoast_head_json":{"title":"Despre noi | FIBREX AUTOMOTIVE","robots":{"index":"index","follow":"follow","max-snippet":"max-snippet:-1","max-image-preview":"max-image-preview:large","max-video-preview":"max-video-preview:-1"},"canonical":"https:\/\/www.fibrexautomotive.com\/ro\/despre-noi\/","og_locale":"ro_RO","og_type":"article","og_title":"Despre noi | FIBREX AUTOMOTIVE","og_description":"FIBREX AUTOMOTIVE fabric\u0103 componente \u015fi p\u0103r\u0163i de caroserii auto pe linii de produc\u021bie, utilaje speciale concepute pentru produc\u021bia de fibr\u0103 de sticl\u0103 \u0219i componente compozite pentru industria de automobile. FIBREX AUTOMOTIVE este o diviziune par\u021bial\u0103 a FIBREX CO, o companie rom\u00e2neasc\u0103 cu capital privat, \u00eenfiin\u021bat\u0103 \u00een 1997, cu sediul \u00een Crasna, str. Ciucea 752, jude\u021bul [&hellip;]","og_url":"https:\/\/www.fibrexautomotive.com\/ro\/despre-noi\/","og_site_name":"FIBREX AUTOMOTIVE","article_modified_time":"2018-09-25T07:42:32+00:00","og_image":[{"url":"https:\/\/www.fibrexautomotive.com\/wp-content\/uploads\/DSC01187-1.jpg"}],"twitter_card":"summary_large_image","twitter_misc":{"Timp estimat pentru citire":"2 minute"},"schema":{"@context":"https:\/\/schema.org","@graph":[{"@type":"WebPage","@id":"https:\/\/www.fibrexautomotive.com\/ro\/despre-noi\/","url":"https:\/\/www.fibrexautomotive.com\/ro\/despre-noi\/","name":"Despre noi | FIBREX AUTOMOTIVE","isPartOf":{"@id":"https:\/\/www.fibrexautomotive.com\/#website"},"datePublished":"2018-07-02T11:54:28+00:00","dateModified":"2018-09-25T07:42:32+00:00","breadcrumb":{"@id":"https:\/\/www.fibrexautomotive.com\/ro\/despre-noi\/#breadcrumb"},"inLanguage":"ro-RO","potentialAction":[{"@type":"ReadAction","target":["https:\/\/www.fibrexautomotive.com\/ro\/despre-noi\/"]}]},{"@type":"BreadcrumbList","@id":"https:\/\/www.fibrexautomotive.com\/ro\/despre-noi\/#breadcrumb","itemListElement":[{"@type":"ListItem","position":1,"name":"Home","item":"https:\/\/www.fibrexautomotive.com\/ro\/"},{"@type":"ListItem","position":2,"name":"Despre noi"}]},{"@type":"WebSite","@id":"https:\/\/www.fibrexautomotive.com\/#website","url":"https:\/\/www.fibrexautomotive.com\/","name":"FIBREX AUTOMOTIVE","description":"fiberglass production for automotive industry","publisher":{"@id":"https:\/\/www.fibrexautomotive.com\/#organization"},"potentialAction":[{"@type":"SearchAction","target":{"@type":"EntryPoint","urlTemplate":"https:\/\/www.fibrexautomotive.com\/?s={search_term_string}"},"query-input":"required name=search_term_string"}],"inLanguage":"ro-RO"},{"@type":"Organization","@id":"https:\/\/www.fibrexautomotive.com\/#organization","name":"FIBREX AUTOMOTIVE","url":"https:\/\/www.fibrexautomotive.com\/","logo":{"@type":"ImageObject","inLanguage":"ro-RO","@id":"https:\/\/www.fibrexautomotive.com\/#\/schema\/logo\/image\/","url":"https:\/\/www.fibrexautomotive.com\/wp-content\/uploads\/fibrexautomotive.png","contentUrl":"https:\/\/www.fibrexautomotive.com\/wp-content\/uploads\/fibrexautomotive.png","width":512,"height":512,"caption":"FIBREX AUTOMOTIVE"},"image":{"@id":"https:\/\/www.fibrexautomotive.com\/#\/schema\/logo\/image\/"}}]}},"_links":{"self":[{"href":"https:\/\/www.fibrexautomotive.com\/ro\/wp-json\/wp\/v2\/pages\/94"}],"collection":[{"href":"https:\/\/www.fibrexautomotive.com\/ro\/wp-json\/wp\/v2\/pages"}],"about":[{"href":"https:\/\/www.fibrexautomotive.com\/ro\/wp-json\/wp\/v2\/types\/page"}],"author":[{"embeddable":true,"href":"https:\/\/www.fibrexautomotive.com\/ro\/wp-json\/wp\/v2\/users\/1"}],"replies":[{"embeddable":true,"href":"https:\/\/www.fibrexautomotive.com\/ro\/wp-json\/wp\/v2\/comments?post=94"}],"version-history":[{"count":7,"href":"https:\/\/www.fibrexautomotive.com\/ro\/wp-json\/wp\/v2\/pages\/94\/revisions"}],"predecessor-version":[{"id":266,"href":"https:\/\/www.fibrexautomotive.com\/ro\/wp-json\/wp\/v2\/pages\/94\/revisions\/266"}],"wp:attachment":[{"href":"https:\/\/www.fibrexautomotive.com\/ro\/wp-json\/wp\/v2\/media?parent=94"}],"curies":[{"name":"wp","href":"https:\/\/api.w.org\/{rel}","templated":true}]}}